{"id":1269,"date":"2018-09-12T21:00:46","date_gmt":"2018-09-12T20:00:46","guid":{"rendered":"http:\/\/www.b-a-bois.com\/?post_type=portfolio&#038;p=1269"},"modified":"2018-09-12T21:23:54","modified_gmt":"2018-09-12T20:23:54","slug":"extension-bois-a-primelin","status":"publish","type":"portfolio","link":"http:\/\/www.b-a-bois.com\/index.php\/portfolio\/extension-bois-a-primelin\/","title":{"rendered":"Extension bois \u00e0 Primelin"},"content":{"rendered":"<h4>Le projet<\/h4>\n<hr \/>\n<p><strong>Extension en bois \u00e0 Primelin dans le Finist\u00e8re.<\/strong><br \/>\nR\u00e9alisation d&rsquo;une extension dans la continuit\u00e9 d&rsquo;une long\u00e8re ancienne offrant un panorama exceptionnel, sur la commune de Primelin.<br \/>\nOssature et charpente en pin douglas, contreventement en panneaux de fibre de bois,<br \/>\nbardage en volige douglas pose \u00e0 recouvrement.<br \/>\nMenuiseries aluminium. Isolation en laine de bois.<br \/>\nMezzanine avec solivage apparent.<\/p>\n<p>Plans fournis par le ma\u00eetre d&rsquo;ouvrage<\/p>\n","protected":false},"excerpt":{"rendered":"<p>Le projet Extension en bois \u00e0 Primelin dans le Finist\u00e8re. R\u00e9alisation d&rsquo;une extension dans la continuit\u00e9 d&rsquo;une long\u00e8re ancienne offrant un panorama exceptionnel, sur la commune de Primelin. Ossature et charpente en pin douglas, contreventement en panneaux de fibre de bois, bardage en volige douglas pose \u00e0 recouvrement. Menuiseries aluminium. Isolation en laine de bois. &hellip;<\/p>\n","protected":false},"author":1,"featured_media":1276,"comment_status":"closed","ping_status":"closed","template":"","meta":[],"portfolio_category":[22],"portfolio_tag":[],"acf":[],"yoast_head":"<!-- This site is optimized with the Yoast SEO plugin v20.1 - https:\/\/yoast.com\/wordpress\/plugins\/seo\/ -->\n<title>Extension bois \u00e0 Primelin - B \u00e0 bois<\/title>\n<meta name=\"robots\" content=\"index, follow, max-snippet:-1, max-image-preview:large, max-video-preview:-1\" \/>\n<link rel=\"canonical\" href=\"http:\/\/www.b-a-bois.com\/index.php\/portfolio\/extension-bois-a-primelin\/\" \/>\n<meta property=\"og:locale\" content=\"fr_FR\" \/>\n<meta property=\"og:type\" content=\"article\" \/>\n<meta property=\"og:title\" content=\"Extension bois \u00e0 Primelin - B \u00e0 bois\" \/>\n<meta property=\"og:description\" content=\"Le projet Extension en bois \u00e0 Primelin dans le Finist\u00e8re. R\u00e9alisation d&rsquo;une extension dans la continuit\u00e9 d&rsquo;une long\u00e8re ancienne offrant un panorama exceptionnel, sur la commune de Primelin. Ossature et charpente en pin douglas, contreventement en panneaux de fibre de bois, bardage en volige douglas pose \u00e0 recouvrement. Menuiseries aluminium. Isolation en laine de bois. &hellip;\" \/>\n<meta property=\"og:url\" content=\"http:\/\/www.b-a-bois.com\/index.php\/portfolio\/extension-bois-a-primelin\/\" \/>\n<meta property=\"og:site_name\" content=\"B \u00e0 bois\" \/>\n<meta property=\"article:publisher\" content=\"https:\/\/www.facebook.com\/B-%c3%a0-bois-207135653042018\/\" \/>\n<meta property=\"article:modified_time\" content=\"2018-09-12T20:23:54+00:00\" \/>\n<meta property=\"og:image\" content=\"http:\/\/www.b-a-bois.com\/wp-content\/uploads\/2018\/09\/b-a-bois-extension-primelin-07.jpg\" \/>\n\t<meta property=\"og:image:width\" content=\"1500\" \/>\n\t<meta property=\"og:image:height\" content=\"1125\" \/>\n\t<meta property=\"og:image:type\" content=\"image\/jpeg\" \/>\n<meta name=\"twitter:card\" content=\"summary_large_image\" \/>\n<script type=\"application\/ld+json\" class=\"yoast-schema-graph\">{\"@context\":\"https:\/\/schema.org\",\"@graph\":[{\"@type\":\"WebPage\",\"@id\":\"http:\/\/www.b-a-bois.com\/index.php\/portfolio\/extension-bois-a-primelin\/\",\"url\":\"http:\/\/www.b-a-bois.com\/index.php\/portfolio\/extension-bois-a-primelin\/\",\"name\":\"Extension bois \u00e0 Primelin - B \u00e0 bois\",\"isPartOf\":{\"@id\":\"http:\/\/www.b-a-bois.com\/#website\"},\"datePublished\":\"2018-09-12T20:00:46+00:00\",\"dateModified\":\"2018-09-12T20:23:54+00:00\",\"breadcrumb\":{\"@id\":\"http:\/\/www.b-a-bois.com\/index.php\/portfolio\/extension-bois-a-primelin\/#breadcrumb\"},\"inLanguage\":\"fr-FR\",\"potentialAction\":[{\"@type\":\"ReadAction\",\"target\":[\"http:\/\/www.b-a-bois.com\/index.php\/portfolio\/extension-bois-a-primelin\/\"]}]},{\"@type\":\"BreadcrumbList\",\"@id\":\"http:\/\/www.b-a-bois.com\/index.php\/portfolio\/extension-bois-a-primelin\/#breadcrumb\",\"itemListElement\":[{\"@type\":\"ListItem\",\"position\":1,\"name\":\"Accueil\",\"item\":\"http:\/\/www.b-a-bois.com\/\"},{\"@type\":\"ListItem\",\"position\":2,\"name\":\"Portfolio\",\"item\":\"http:\/\/www.b-a-bois.com\/index.php\/portfolio\/\"},{\"@type\":\"ListItem\",\"position\":3,\"name\":\"Extension bois \u00e0 Primelin\"}]},{\"@type\":\"WebSite\",\"@id\":\"http:\/\/www.b-a-bois.com\/#website\",\"url\":\"http:\/\/www.b-a-bois.com\/\",\"name\":\"B \u00e0 bois\",\"description\":\"Maisons et charpentes bois, Quimper, Finist\u00e8re\",\"publisher\":{\"@id\":\"http:\/\/www.b-a-bois.com\/#organization\"},\"potentialAction\":[{\"@type\":\"SearchAction\",\"target\":{\"@type\":\"EntryPoint\",\"urlTemplate\":\"http:\/\/www.b-a-bois.com\/?s={search_term_string}\"},\"query-input\":\"required name=search_term_string\"}],\"inLanguage\":\"fr-FR\"},{\"@type\":\"Organization\",\"@id\":\"http:\/\/www.b-a-bois.com\/#organization\",\"name\":\"B \u00e0 bois\",\"url\":\"http:\/\/www.b-a-bois.com\/\",\"logo\":{\"@type\":\"ImageObject\",\"inLanguage\":\"fr-FR\",\"@id\":\"http:\/\/www.b-a-bois.com\/#\/schema\/logo\/image\/\",\"url\":\"http:\/\/www.b-a-bois.com\/wp-content\/uploads\/2016\/10\/logo-b-a-bois-250px.jpg\",\"contentUrl\":\"http:\/\/www.b-a-bois.com\/wp-content\/uploads\/2016\/10\/logo-b-a-bois-250px.jpg\",\"width\":246,\"height\":120,\"caption\":\"B \u00e0 bois\"},\"image\":{\"@id\":\"http:\/\/www.b-a-bois.com\/#\/schema\/logo\/image\/\"},\"sameAs\":[\"https:\/\/www.facebook.com\/B-\u00e0-bois-207135653042018\/\"]}]}<\/script>\n<!-- \/ Yoast SEO plugin. -->","yoast_head_json":{"title":"Extension bois \u00e0 Primelin - B \u00e0 bois","robots":{"index":"index","follow":"follow","max-snippet":"max-snippet:-1","max-image-preview":"max-image-preview:large","max-video-preview":"max-video-preview:-1"},"canonical":"http:\/\/www.b-a-bois.com\/index.php\/portfolio\/extension-bois-a-primelin\/","og_locale":"fr_FR","og_type":"article","og_title":"Extension bois \u00e0 Primelin - B \u00e0 bois","og_description":"Le projet Extension en bois \u00e0 Primelin dans le Finist\u00e8re. R\u00e9alisation d&rsquo;une extension dans la continuit\u00e9 d&rsquo;une long\u00e8re ancienne offrant un panorama exceptionnel, sur la commune de Primelin. Ossature et charpente en pin douglas, contreventement en panneaux de fibre de bois, bardage en volige douglas pose \u00e0 recouvrement. Menuiseries aluminium. Isolation en laine de bois. &hellip;","og_url":"http:\/\/www.b-a-bois.com\/index.php\/portfolio\/extension-bois-a-primelin\/","og_site_name":"B \u00e0 bois","article_publisher":"https:\/\/www.facebook.com\/B-%c3%a0-bois-207135653042018\/","article_modified_time":"2018-09-12T20:23:54+00:00","og_image":[{"width":1500,"height":1125,"url":"http:\/\/www.b-a-bois.com\/wp-content\/uploads\/2018\/09\/b-a-bois-extension-primelin-07.jpg","type":"image\/jpeg"}],"twitter_card":"summary_large_image","schema":{"@context":"https:\/\/schema.org","@graph":[{"@type":"WebPage","@id":"http:\/\/www.b-a-bois.com\/index.php\/portfolio\/extension-bois-a-primelin\/","url":"http:\/\/www.b-a-bois.com\/index.php\/portfolio\/extension-bois-a-primelin\/","name":"Extension bois \u00e0 Primelin - B \u00e0 bois","isPartOf":{"@id":"http:\/\/www.b-a-bois.com\/#website"},"datePublished":"2018-09-12T20:00:46+00:00","dateModified":"2018-09-12T20:23:54+00:00","breadcrumb":{"@id":"http:\/\/www.b-a-bois.com\/index.php\/portfolio\/extension-bois-a-primelin\/#breadcrumb"},"inLanguage":"fr-FR","potentialAction":[{"@type":"ReadAction","target":["http:\/\/www.b-a-bois.com\/index.php\/portfolio\/extension-bois-a-primelin\/"]}]},{"@type":"BreadcrumbList","@id":"http:\/\/www.b-a-bois.com\/index.php\/portfolio\/extension-bois-a-primelin\/#breadcrumb","itemListElement":[{"@type":"ListItem","position":1,"name":"Accueil","item":"http:\/\/www.b-a-bois.com\/"},{"@type":"ListItem","position":2,"name":"Portfolio","item":"http:\/\/www.b-a-bois.com\/index.php\/portfolio\/"},{"@type":"ListItem","position":3,"name":"Extension bois \u00e0 Primelin"}]},{"@type":"WebSite","@id":"http:\/\/www.b-a-bois.com\/#website","url":"http:\/\/www.b-a-bois.com\/","name":"B \u00e0 bois","description":"Maisons et charpentes bois, Quimper, Finist\u00e8re","publisher":{"@id":"http:\/\/www.b-a-bois.com\/#organization"},"potentialAction":[{"@type":"SearchAction","target":{"@type":"EntryPoint","urlTemplate":"http:\/\/www.b-a-bois.com\/?s={search_term_string}"},"query-input":"required name=search_term_string"}],"inLanguage":"fr-FR"},{"@type":"Organization","@id":"http:\/\/www.b-a-bois.com\/#organization","name":"B \u00e0 bois","url":"http:\/\/www.b-a-bois.com\/","logo":{"@type":"ImageObject","inLanguage":"fr-FR","@id":"http:\/\/www.b-a-bois.com\/#\/schema\/logo\/image\/","url":"http:\/\/www.b-a-bois.com\/wp-content\/uploads\/2016\/10\/logo-b-a-bois-250px.jpg","contentUrl":"http:\/\/www.b-a-bois.com\/wp-content\/uploads\/2016\/10\/logo-b-a-bois-250px.jpg","width":246,"height":120,"caption":"B \u00e0 bois"},"image":{"@id":"http:\/\/www.b-a-bois.com\/#\/schema\/logo\/image\/"},"sameAs":["https:\/\/www.facebook.com\/B-\u00e0-bois-207135653042018\/"]}]}},"_links":{"self":[{"href":"http:\/\/www.b-a-bois.com\/index.php\/wp-json\/wp\/v2\/portfolio\/1269"}],"collection":[{"href":"http:\/\/www.b-a-bois.com\/index.php\/wp-json\/wp\/v2\/portfolio"}],"about":[{"href":"http:\/\/www.b-a-bois.com\/index.php\/wp-json\/wp\/v2\/types\/portfolio"}],"author":[{"embeddable":true,"href":"http:\/\/www.b-a-bois.com\/index.php\/wp-json\/wp\/v2\/users\/1"}],"replies":[{"embeddable":true,"href":"http:\/\/www.b-a-bois.com\/index.php\/wp-json\/wp\/v2\/comments?post=1269"}],"version-history":[{"count":1,"href":"http:\/\/www.b-a-bois.com\/index.php\/wp-json\/wp\/v2\/portfolio\/1269\/revisions"}],"predecessor-version":[{"id":1277,"href":"http:\/\/www.b-a-bois.com\/index.php\/wp-json\/wp\/v2\/portfolio\/1269\/revisions\/1277"}],"wp:featuredmedia":[{"embeddable":true,"href":"http:\/\/www.b-a-bois.com\/index.php\/wp-json\/wp\/v2\/media\/1276"}],"wp:attachment":[{"href":"http:\/\/www.b-a-bois.com\/index.php\/wp-json\/wp\/v2\/media?parent=1269"}],"wp:term":[{"taxonomy":"portfolio_category","embeddable":true,"href":"http:\/\/www.b-a-bois.com\/index.php\/wp-json\/wp\/v2\/portfolio_category?post=1269"},{"taxonomy":"portfolio_tag","embeddable":true,"href":"http:\/\/www.b-a-bois.com\/index.php\/wp-json\/wp\/v2\/portfolio_tag?post=1269"}],"curies":[{"name":"wp","href":"https:\/\/api.w.org\/{rel}","templated":true}]}}