{"id":1260,"date":"2018-09-12T21:30:40","date_gmt":"2018-09-12T20:30:40","guid":{"rendered":"http:\/\/www.b-a-bois.com\/?post_type=portfolio&#038;p=1260"},"modified":"2018-09-12T21:34:59","modified_gmt":"2018-09-12T20:34:59","slug":"bardage-en-bois-a-penmarch","status":"publish","type":"portfolio","link":"http:\/\/www.b-a-bois.com\/index.php\/portfolio\/bardage-en-bois-a-penmarch\/","title":{"rendered":"Bardage en bois \u00e0 Penmarc&rsquo;h"},"content":{"rendered":"<h4>Le projet<\/h4>\n<hr \/>\n<p><strong>Bardage en bois \u00e0 Penmarc&rsquo;h dans le Finist\u00e8re.<\/strong><br \/>\n(Juillet 2018 &#8211; Chantier en cours)<br \/>\nIsolation par l\u2019ext\u00e9rieur, support d&rsquo;enduit sur ossature bois<br \/>\net bardage douglas ajour\u00e9 avec pointage apparent.<\/p>\n<p>Architecte <u>Pierre Yves Quelvennec<\/u><\/p>\n","protected":false},"excerpt":{"rendered":"<p>Le projet Bardage en bois \u00e0 Penmarc&rsquo;h dans le Finist\u00e8re. (Juillet 2018 &#8211; Chantier en cours) Isolation par l\u2019ext\u00e9rieur, support d&rsquo;enduit sur ossature bois et bardage douglas ajour\u00e9 avec pointage apparent. Architecte Pierre Yves Quelvennec<\/p>\n","protected":false},"author":1,"featured_media":1264,"comment_status":"closed","ping_status":"closed","template":"","meta":[],"portfolio_category":[72],"portfolio_tag":[],"acf":[],"yoast_head":"<!-- This site is optimized with the Yoast SEO plugin v20.1 - https:\/\/yoast.com\/wordpress\/plugins\/seo\/ -->\n<title>Bardage en bois \u00e0 Penmarc&#039;h - B \u00e0 bois<\/title>\n<meta name=\"robots\" content=\"index, follow, max-snippet:-1, max-image-preview:large, max-video-preview:-1\" \/>\n<link rel=\"canonical\" href=\"http:\/\/www.b-a-bois.com\/index.php\/portfolio\/bardage-en-bois-a-penmarch\/\" \/>\n<meta property=\"og:locale\" content=\"fr_FR\" \/>\n<meta property=\"og:type\" content=\"article\" \/>\n<meta property=\"og:title\" content=\"Bardage en bois \u00e0 Penmarc&#039;h - B \u00e0 bois\" \/>\n<meta property=\"og:description\" content=\"Le projet Bardage en bois \u00e0 Penmarc&rsquo;h dans le Finist\u00e8re. (Juillet 2018 &#8211; Chantier en cours) Isolation par l\u2019ext\u00e9rieur, support d&rsquo;enduit sur ossature bois et bardage douglas ajour\u00e9 avec pointage apparent. Architecte Pierre Yves Quelvennec\" \/>\n<meta property=\"og:url\" content=\"http:\/\/www.b-a-bois.com\/index.php\/portfolio\/bardage-en-bois-a-penmarch\/\" \/>\n<meta property=\"og:site_name\" content=\"B \u00e0 bois\" \/>\n<meta property=\"article:publisher\" content=\"https:\/\/www.facebook.com\/B-%c3%a0-bois-207135653042018\/\" \/>\n<meta property=\"article:modified_time\" content=\"2018-09-12T20:34:59+00:00\" \/>\n<meta property=\"og:image\" content=\"http:\/\/www.b-a-bois.com\/wp-content\/uploads\/2018\/09\/b-a-bois-bardage-penmarch-02.jpg\" \/>\n\t<meta property=\"og:image:width\" content=\"1125\" \/>\n\t<meta property=\"og:image:height\" content=\"1500\" \/>\n\t<meta property=\"og:image:type\" content=\"image\/jpeg\" \/>\n<meta name=\"twitter:card\" content=\"summary_large_image\" \/>\n<script type=\"application\/ld+json\" class=\"yoast-schema-graph\">{\"@context\":\"https:\/\/schema.org\",\"@graph\":[{\"@type\":\"WebPage\",\"@id\":\"http:\/\/www.b-a-bois.com\/index.php\/portfolio\/bardage-en-bois-a-penmarch\/\",\"url\":\"http:\/\/www.b-a-bois.com\/index.php\/portfolio\/bardage-en-bois-a-penmarch\/\",\"name\":\"Bardage en bois \u00e0 Penmarc'h - B \u00e0 bois\",\"isPartOf\":{\"@id\":\"http:\/\/www.b-a-bois.com\/#website\"},\"datePublished\":\"2018-09-12T20:30:40+00:00\",\"dateModified\":\"2018-09-12T20:34:59+00:00\",\"breadcrumb\":{\"@id\":\"http:\/\/www.b-a-bois.com\/index.php\/portfolio\/bardage-en-bois-a-penmarch\/#breadcrumb\"},\"inLanguage\":\"fr-FR\",\"potentialAction\":[{\"@type\":\"ReadAction\",\"target\":[\"http:\/\/www.b-a-bois.com\/index.php\/portfolio\/bardage-en-bois-a-penmarch\/\"]}]},{\"@type\":\"BreadcrumbList\",\"@id\":\"http:\/\/www.b-a-bois.com\/index.php\/portfolio\/bardage-en-bois-a-penmarch\/#breadcrumb\",\"itemListElement\":[{\"@type\":\"ListItem\",\"position\":1,\"name\":\"Accueil\",\"item\":\"http:\/\/www.b-a-bois.com\/\"},{\"@type\":\"ListItem\",\"position\":2,\"name\":\"Portfolio\",\"item\":\"http:\/\/www.b-a-bois.com\/index.php\/portfolio\/\"},{\"@type\":\"ListItem\",\"position\":3,\"name\":\"Bardage en bois \u00e0 Penmarc&rsquo;h\"}]},{\"@type\":\"WebSite\",\"@id\":\"http:\/\/www.b-a-bois.com\/#website\",\"url\":\"http:\/\/www.b-a-bois.com\/\",\"name\":\"B \u00e0 bois\",\"description\":\"Maisons et charpentes bois, Quimper, Finist\u00e8re\",\"publisher\":{\"@id\":\"http:\/\/www.b-a-bois.com\/#organization\"},\"potentialAction\":[{\"@type\":\"SearchAction\",\"target\":{\"@type\":\"EntryPoint\",\"urlTemplate\":\"http:\/\/www.b-a-bois.com\/?s={search_term_string}\"},\"query-input\":\"required name=search_term_string\"}],\"inLanguage\":\"fr-FR\"},{\"@type\":\"Organization\",\"@id\":\"http:\/\/www.b-a-bois.com\/#organization\",\"name\":\"B \u00e0 bois\",\"url\":\"http:\/\/www.b-a-bois.com\/\",\"logo\":{\"@type\":\"ImageObject\",\"inLanguage\":\"fr-FR\",\"@id\":\"http:\/\/www.b-a-bois.com\/#\/schema\/logo\/image\/\",\"url\":\"http:\/\/www.b-a-bois.com\/wp-content\/uploads\/2016\/10\/logo-b-a-bois-250px.jpg\",\"contentUrl\":\"http:\/\/www.b-a-bois.com\/wp-content\/uploads\/2016\/10\/logo-b-a-bois-250px.jpg\",\"width\":246,\"height\":120,\"caption\":\"B \u00e0 bois\"},\"image\":{\"@id\":\"http:\/\/www.b-a-bois.com\/#\/schema\/logo\/image\/\"},\"sameAs\":[\"https:\/\/www.facebook.com\/B-\u00e0-bois-207135653042018\/\"]}]}<\/script>\n<!-- \/ Yoast SEO plugin. -->","yoast_head_json":{"title":"Bardage en bois \u00e0 Penmarc'h - B \u00e0 bois","robots":{"index":"index","follow":"follow","max-snippet":"max-snippet:-1","max-image-preview":"max-image-preview:large","max-video-preview":"max-video-preview:-1"},"canonical":"http:\/\/www.b-a-bois.com\/index.php\/portfolio\/bardage-en-bois-a-penmarch\/","og_locale":"fr_FR","og_type":"article","og_title":"Bardage en bois \u00e0 Penmarc'h - B \u00e0 bois","og_description":"Le projet Bardage en bois \u00e0 Penmarc&rsquo;h dans le Finist\u00e8re. (Juillet 2018 &#8211; Chantier en cours) Isolation par l\u2019ext\u00e9rieur, support d&rsquo;enduit sur ossature bois et bardage douglas ajour\u00e9 avec pointage apparent. Architecte Pierre Yves Quelvennec","og_url":"http:\/\/www.b-a-bois.com\/index.php\/portfolio\/bardage-en-bois-a-penmarch\/","og_site_name":"B \u00e0 bois","article_publisher":"https:\/\/www.facebook.com\/B-%c3%a0-bois-207135653042018\/","article_modified_time":"2018-09-12T20:34:59+00:00","og_image":[{"width":1125,"height":1500,"url":"http:\/\/www.b-a-bois.com\/wp-content\/uploads\/2018\/09\/b-a-bois-bardage-penmarch-02.jpg","type":"image\/jpeg"}],"twitter_card":"summary_large_image","schema":{"@context":"https:\/\/schema.org","@graph":[{"@type":"WebPage","@id":"http:\/\/www.b-a-bois.com\/index.php\/portfolio\/bardage-en-bois-a-penmarch\/","url":"http:\/\/www.b-a-bois.com\/index.php\/portfolio\/bardage-en-bois-a-penmarch\/","name":"Bardage en bois \u00e0 Penmarc'h - B \u00e0 bois","isPartOf":{"@id":"http:\/\/www.b-a-bois.com\/#website"},"datePublished":"2018-09-12T20:30:40+00:00","dateModified":"2018-09-12T20:34:59+00:00","breadcrumb":{"@id":"http:\/\/www.b-a-bois.com\/index.php\/portfolio\/bardage-en-bois-a-penmarch\/#breadcrumb"},"inLanguage":"fr-FR","potentialAction":[{"@type":"ReadAction","target":["http:\/\/www.b-a-bois.com\/index.php\/portfolio\/bardage-en-bois-a-penmarch\/"]}]},{"@type":"BreadcrumbList","@id":"http:\/\/www.b-a-bois.com\/index.php\/portfolio\/bardage-en-bois-a-penmarch\/#breadcrumb","itemListElement":[{"@type":"ListItem","position":1,"name":"Accueil","item":"http:\/\/www.b-a-bois.com\/"},{"@type":"ListItem","position":2,"name":"Portfolio","item":"http:\/\/www.b-a-bois.com\/index.php\/portfolio\/"},{"@type":"ListItem","position":3,"name":"Bardage en bois \u00e0 Penmarc&rsquo;h"}]},{"@type":"WebSite","@id":"http:\/\/www.b-a-bois.com\/#website","url":"http:\/\/www.b-a-bois.com\/","name":"B \u00e0 bois","description":"Maisons et charpentes bois, Quimper, Finist\u00e8re","publisher":{"@id":"http:\/\/www.b-a-bois.com\/#organization"},"potentialAction":[{"@type":"SearchAction","target":{"@type":"EntryPoint","urlTemplate":"http:\/\/www.b-a-bois.com\/?s={search_term_string}"},"query-input":"required name=search_term_string"}],"inLanguage":"fr-FR"},{"@type":"Organization","@id":"http:\/\/www.b-a-bois.com\/#organization","name":"B \u00e0 bois","url":"http:\/\/www.b-a-bois.com\/","logo":{"@type":"ImageObject","inLanguage":"fr-FR","@id":"http:\/\/www.b-a-bois.com\/#\/schema\/logo\/image\/","url":"http:\/\/www.b-a-bois.com\/wp-content\/uploads\/2016\/10\/logo-b-a-bois-250px.jpg","contentUrl":"http:\/\/www.b-a-bois.com\/wp-content\/uploads\/2016\/10\/logo-b-a-bois-250px.jpg","width":246,"height":120,"caption":"B \u00e0 bois"},"image":{"@id":"http:\/\/www.b-a-bois.com\/#\/schema\/logo\/image\/"},"sameAs":["https:\/\/www.facebook.com\/B-\u00e0-bois-207135653042018\/"]}]}},"_links":{"self":[{"href":"http:\/\/www.b-a-bois.com\/index.php\/wp-json\/wp\/v2\/portfolio\/1260"}],"collection":[{"href":"http:\/\/www.b-a-bois.com\/index.php\/wp-json\/wp\/v2\/portfolio"}],"about":[{"href":"http:\/\/www.b-a-bois.com\/index.php\/wp-json\/wp\/v2\/types\/portfolio"}],"author":[{"embeddable":true,"href":"http:\/\/www.b-a-bois.com\/index.php\/wp-json\/wp\/v2\/users\/1"}],"replies":[{"embeddable":true,"href":"http:\/\/www.b-a-bois.com\/index.php\/wp-json\/wp\/v2\/comments?post=1260"}],"version-history":[{"count":4,"href":"http:\/\/www.b-a-bois.com\/index.php\/wp-json\/wp\/v2\/portfolio\/1260\/revisions"}],"predecessor-version":[{"id":1267,"href":"http:\/\/www.b-a-bois.com\/index.php\/wp-json\/wp\/v2\/portfolio\/1260\/revisions\/1267"}],"wp:featuredmedia":[{"embeddable":true,"href":"http:\/\/www.b-a-bois.com\/index.php\/wp-json\/wp\/v2\/media\/1264"}],"wp:attachment":[{"href":"http:\/\/www.b-a-bois.com\/index.php\/wp-json\/wp\/v2\/media?parent=1260"}],"wp:term":[{"taxonomy":"portfolio_category","embeddable":true,"href":"http:\/\/www.b-a-bois.com\/index.php\/wp-json\/wp\/v2\/portfolio_category?post=1260"},{"taxonomy":"portfolio_tag","embeddable":true,"href":"http:\/\/www.b-a-bois.com\/index.php\/wp-json\/wp\/v2\/portfolio_tag?post=1260"}],"curies":[{"name":"wp","href":"https:\/\/api.w.org\/{rel}","templated":true}]}}