{"id":1199,"date":"2018-09-10T20:08:11","date_gmt":"2018-09-10T19:08:11","guid":{"rendered":"http:\/\/www.b-a-bois.com\/?post_type=portfolio&#038;p=1199"},"modified":"2018-09-10T20:17:59","modified_gmt":"2018-09-10T19:17:59","slug":"cabane-a-sainte-marine","status":"publish","type":"portfolio","link":"http:\/\/www.b-a-bois.com\/index.php\/portfolio\/cabane-a-sainte-marine\/","title":{"rendered":"Cabane en bois \u00e0 Sainte-Marine"},"content":{"rendered":"<h4>Le projet<\/h4>\n<hr \/>\n<p><strong>Cabane en bois \u00e0 Sainte-Marine dans le Finist\u00e8re.<\/strong><br \/>\n\u00c0 Sainte Marine, esprit cabane de p\u00eacheur pour cette petite ossature bois,<br \/>\nisol\u00e9e en laine de bois, bardage bois br\u00fbl\u00e9, couverture acier imitation zinc \u00e0 joint debout.<br \/>\nChambre d\u2019appoint, atelier de peinture, espace de r\u00eaveries&#8230; tels pourront \u00eatre les destinations de cette maisonnette.<\/p>\n","protected":false},"excerpt":{"rendered":"<p>Le projet Cabane en bois \u00e0 Sainte-Marine dans le Finist\u00e8re. \u00c0 Sainte Marine, esprit cabane de p\u00eacheur pour cette petite ossature bois, isol\u00e9e en laine de bois, bardage bois br\u00fbl\u00e9, couverture acier imitation zinc \u00e0 joint debout. Chambre d\u2019appoint, atelier de peinture, espace de r\u00eaveries&#8230; tels pourront \u00eatre les destinations de cette maisonnette.<\/p>\n","protected":false},"author":1,"featured_media":1205,"comment_status":"closed","ping_status":"closed","template":"","meta":[],"portfolio_category":[71],"portfolio_tag":[],"acf":[],"yoast_head":"<!-- This site is optimized with the Yoast SEO plugin v20.1 - https:\/\/yoast.com\/wordpress\/plugins\/seo\/ -->\n<title>Cabane en bois \u00e0 Sainte-Marine - B \u00e0 bois<\/title>\n<meta name=\"robots\" content=\"index, follow, max-snippet:-1, max-image-preview:large, max-video-preview:-1\" \/>\n<link rel=\"canonical\" href=\"http:\/\/www.b-a-bois.com\/index.php\/portfolio\/cabane-a-sainte-marine\/\" \/>\n<meta property=\"og:locale\" content=\"fr_FR\" \/>\n<meta property=\"og:type\" content=\"article\" \/>\n<meta property=\"og:title\" content=\"Cabane en bois \u00e0 Sainte-Marine - B \u00e0 bois\" \/>\n<meta property=\"og:description\" content=\"Le projet Cabane en bois \u00e0 Sainte-Marine dans le Finist\u00e8re. \u00c0 Sainte Marine, esprit cabane de p\u00eacheur pour cette petite ossature bois, isol\u00e9e en laine de bois, bardage bois br\u00fbl\u00e9, couverture acier imitation zinc \u00e0 joint debout. Chambre d\u2019appoint, atelier de peinture, espace de r\u00eaveries&#8230; tels pourront \u00eatre les destinations de cette maisonnette.\" \/>\n<meta property=\"og:url\" content=\"http:\/\/www.b-a-bois.com\/index.php\/portfolio\/cabane-a-sainte-marine\/\" \/>\n<meta property=\"og:site_name\" content=\"B \u00e0 bois\" \/>\n<meta property=\"article:publisher\" content=\"https:\/\/www.facebook.com\/B-%c3%a0-bois-207135653042018\/\" \/>\n<meta property=\"article:modified_time\" content=\"2018-09-10T19:17:59+00:00\" \/>\n<meta property=\"og:image\" content=\"http:\/\/www.b-a-bois.com\/wp-content\/uploads\/2018\/09\/b-a-bois-cabane-sainte-marine-04.jpg\" \/>\n\t<meta property=\"og:image:width\" content=\"1500\" \/>\n\t<meta property=\"og:image:height\" content=\"1125\" \/>\n\t<meta property=\"og:image:type\" content=\"image\/jpeg\" \/>\n<meta name=\"twitter:card\" content=\"summary_large_image\" \/>\n<script type=\"application\/ld+json\" class=\"yoast-schema-graph\">{\"@context\":\"https:\/\/schema.org\",\"@graph\":[{\"@type\":\"WebPage\",\"@id\":\"http:\/\/www.b-a-bois.com\/index.php\/portfolio\/cabane-a-sainte-marine\/\",\"url\":\"http:\/\/www.b-a-bois.com\/index.php\/portfolio\/cabane-a-sainte-marine\/\",\"name\":\"Cabane en bois \u00e0 Sainte-Marine - B \u00e0 bois\",\"isPartOf\":{\"@id\":\"http:\/\/www.b-a-bois.com\/#website\"},\"datePublished\":\"2018-09-10T19:08:11+00:00\",\"dateModified\":\"2018-09-10T19:17:59+00:00\",\"breadcrumb\":{\"@id\":\"http:\/\/www.b-a-bois.com\/index.php\/portfolio\/cabane-a-sainte-marine\/#breadcrumb\"},\"inLanguage\":\"fr-FR\",\"potentialAction\":[{\"@type\":\"ReadAction\",\"target\":[\"http:\/\/www.b-a-bois.com\/index.php\/portfolio\/cabane-a-sainte-marine\/\"]}]},{\"@type\":\"BreadcrumbList\",\"@id\":\"http:\/\/www.b-a-bois.com\/index.php\/portfolio\/cabane-a-sainte-marine\/#breadcrumb\",\"itemListElement\":[{\"@type\":\"ListItem\",\"position\":1,\"name\":\"Accueil\",\"item\":\"http:\/\/www.b-a-bois.com\/\"},{\"@type\":\"ListItem\",\"position\":2,\"name\":\"Portfolio\",\"item\":\"http:\/\/www.b-a-bois.com\/index.php\/portfolio\/\"},{\"@type\":\"ListItem\",\"position\":3,\"name\":\"Cabane en bois \u00e0 Sainte-Marine\"}]},{\"@type\":\"WebSite\",\"@id\":\"http:\/\/www.b-a-bois.com\/#website\",\"url\":\"http:\/\/www.b-a-bois.com\/\",\"name\":\"B \u00e0 bois\",\"description\":\"Maisons et charpentes bois, Quimper, Finist\u00e8re\",\"publisher\":{\"@id\":\"http:\/\/www.b-a-bois.com\/#organization\"},\"potentialAction\":[{\"@type\":\"SearchAction\",\"target\":{\"@type\":\"EntryPoint\",\"urlTemplate\":\"http:\/\/www.b-a-bois.com\/?s={search_term_string}\"},\"query-input\":\"required name=search_term_string\"}],\"inLanguage\":\"fr-FR\"},{\"@type\":\"Organization\",\"@id\":\"http:\/\/www.b-a-bois.com\/#organization\",\"name\":\"B \u00e0 bois\",\"url\":\"http:\/\/www.b-a-bois.com\/\",\"logo\":{\"@type\":\"ImageObject\",\"inLanguage\":\"fr-FR\",\"@id\":\"http:\/\/www.b-a-bois.com\/#\/schema\/logo\/image\/\",\"url\":\"http:\/\/www.b-a-bois.com\/wp-content\/uploads\/2016\/10\/logo-b-a-bois-250px.jpg\",\"contentUrl\":\"http:\/\/www.b-a-bois.com\/wp-content\/uploads\/2016\/10\/logo-b-a-bois-250px.jpg\",\"width\":246,\"height\":120,\"caption\":\"B \u00e0 bois\"},\"image\":{\"@id\":\"http:\/\/www.b-a-bois.com\/#\/schema\/logo\/image\/\"},\"sameAs\":[\"https:\/\/www.facebook.com\/B-\u00e0-bois-207135653042018\/\"]}]}<\/script>\n<!-- \/ Yoast SEO plugin. -->","yoast_head_json":{"title":"Cabane en bois \u00e0 Sainte-Marine - B \u00e0 bois","robots":{"index":"index","follow":"follow","max-snippet":"max-snippet:-1","max-image-preview":"max-image-preview:large","max-video-preview":"max-video-preview:-1"},"canonical":"http:\/\/www.b-a-bois.com\/index.php\/portfolio\/cabane-a-sainte-marine\/","og_locale":"fr_FR","og_type":"article","og_title":"Cabane en bois \u00e0 Sainte-Marine - B \u00e0 bois","og_description":"Le projet Cabane en bois \u00e0 Sainte-Marine dans le Finist\u00e8re. \u00c0 Sainte Marine, esprit cabane de p\u00eacheur pour cette petite ossature bois, isol\u00e9e en laine de bois, bardage bois br\u00fbl\u00e9, couverture acier imitation zinc \u00e0 joint debout. Chambre d\u2019appoint, atelier de peinture, espace de r\u00eaveries&#8230; tels pourront \u00eatre les destinations de cette maisonnette.","og_url":"http:\/\/www.b-a-bois.com\/index.php\/portfolio\/cabane-a-sainte-marine\/","og_site_name":"B \u00e0 bois","article_publisher":"https:\/\/www.facebook.com\/B-%c3%a0-bois-207135653042018\/","article_modified_time":"2018-09-10T19:17:59+00:00","og_image":[{"width":1500,"height":1125,"url":"http:\/\/www.b-a-bois.com\/wp-content\/uploads\/2018\/09\/b-a-bois-cabane-sainte-marine-04.jpg","type":"image\/jpeg"}],"twitter_card":"summary_large_image","schema":{"@context":"https:\/\/schema.org","@graph":[{"@type":"WebPage","@id":"http:\/\/www.b-a-bois.com\/index.php\/portfolio\/cabane-a-sainte-marine\/","url":"http:\/\/www.b-a-bois.com\/index.php\/portfolio\/cabane-a-sainte-marine\/","name":"Cabane en bois \u00e0 Sainte-Marine - B \u00e0 bois","isPartOf":{"@id":"http:\/\/www.b-a-bois.com\/#website"},"datePublished":"2018-09-10T19:08:11+00:00","dateModified":"2018-09-10T19:17:59+00:00","breadcrumb":{"@id":"http:\/\/www.b-a-bois.com\/index.php\/portfolio\/cabane-a-sainte-marine\/#breadcrumb"},"inLanguage":"fr-FR","potentialAction":[{"@type":"ReadAction","target":["http:\/\/www.b-a-bois.com\/index.php\/portfolio\/cabane-a-sainte-marine\/"]}]},{"@type":"BreadcrumbList","@id":"http:\/\/www.b-a-bois.com\/index.php\/portfolio\/cabane-a-sainte-marine\/#breadcrumb","itemListElement":[{"@type":"ListItem","position":1,"name":"Accueil","item":"http:\/\/www.b-a-bois.com\/"},{"@type":"ListItem","position":2,"name":"Portfolio","item":"http:\/\/www.b-a-bois.com\/index.php\/portfolio\/"},{"@type":"ListItem","position":3,"name":"Cabane en bois \u00e0 Sainte-Marine"}]},{"@type":"WebSite","@id":"http:\/\/www.b-a-bois.com\/#website","url":"http:\/\/www.b-a-bois.com\/","name":"B \u00e0 bois","description":"Maisons et charpentes bois, Quimper, Finist\u00e8re","publisher":{"@id":"http:\/\/www.b-a-bois.com\/#organization"},"potentialAction":[{"@type":"SearchAction","target":{"@type":"EntryPoint","urlTemplate":"http:\/\/www.b-a-bois.com\/?s={search_term_string}"},"query-input":"required name=search_term_string"}],"inLanguage":"fr-FR"},{"@type":"Organization","@id":"http:\/\/www.b-a-bois.com\/#organization","name":"B \u00e0 bois","url":"http:\/\/www.b-a-bois.com\/","logo":{"@type":"ImageObject","inLanguage":"fr-FR","@id":"http:\/\/www.b-a-bois.com\/#\/schema\/logo\/image\/","url":"http:\/\/www.b-a-bois.com\/wp-content\/uploads\/2016\/10\/logo-b-a-bois-250px.jpg","contentUrl":"http:\/\/www.b-a-bois.com\/wp-content\/uploads\/2016\/10\/logo-b-a-bois-250px.jpg","width":246,"height":120,"caption":"B \u00e0 bois"},"image":{"@id":"http:\/\/www.b-a-bois.com\/#\/schema\/logo\/image\/"},"sameAs":["https:\/\/www.facebook.com\/B-\u00e0-bois-207135653042018\/"]}]}},"_links":{"self":[{"href":"http:\/\/www.b-a-bois.com\/index.php\/wp-json\/wp\/v2\/portfolio\/1199"}],"collection":[{"href":"http:\/\/www.b-a-bois.com\/index.php\/wp-json\/wp\/v2\/portfolio"}],"about":[{"href":"http:\/\/www.b-a-bois.com\/index.php\/wp-json\/wp\/v2\/types\/portfolio"}],"author":[{"embeddable":true,"href":"http:\/\/www.b-a-bois.com\/index.php\/wp-json\/wp\/v2\/users\/1"}],"replies":[{"embeddable":true,"href":"http:\/\/www.b-a-bois.com\/index.php\/wp-json\/wp\/v2\/comments?post=1199"}],"version-history":[{"count":4,"href":"http:\/\/www.b-a-bois.com\/index.php\/wp-json\/wp\/v2\/portfolio\/1199\/revisions"}],"predecessor-version":[{"id":1208,"href":"http:\/\/www.b-a-bois.com\/index.php\/wp-json\/wp\/v2\/portfolio\/1199\/revisions\/1208"}],"wp:featuredmedia":[{"embeddable":true,"href":"http:\/\/www.b-a-bois.com\/index.php\/wp-json\/wp\/v2\/media\/1205"}],"wp:attachment":[{"href":"http:\/\/www.b-a-bois.com\/index.php\/wp-json\/wp\/v2\/media?parent=1199"}],"wp:term":[{"taxonomy":"portfolio_category","embeddable":true,"href":"http:\/\/www.b-a-bois.com\/index.php\/wp-json\/wp\/v2\/portfolio_category?post=1199"},{"taxonomy":"portfolio_tag","embeddable":true,"href":"http:\/\/www.b-a-bois.com\/index.php\/wp-json\/wp\/v2\/portfolio_tag?post=1199"}],"curies":[{"name":"wp","href":"https:\/\/api.w.org\/{rel}","templated":true}]}}